{"id":535,"date":"2022-07-04T09:48:37","date_gmt":"2022-07-04T09:48:37","guid":{"rendered":"http:\/\/ameliesamson.com\/?page_id=535"},"modified":"2026-04-09T14:48:44","modified_gmt":"2026-04-09T14:48:44","slug":"europa-2022-eurofabrique","status":"publish","type":"page","link":"http:\/\/ameliesamson.com\/index.php\/europa-2022-eurofabrique\/","title":{"rendered":"Europa 2022"},"content":{"rendered":"\t\t<div data-elementor-type=\"wp-page\" data-elementor-id=\"535\" class=\"elementor elementor-535\">\n\t\t\t\t\t\t<section class=\"elementor-section elementor-top-section elementor-element elementor-element-34004ae elementor-section-boxed elementor-section-height-default elementor-section-height-default qodef-elementor-content-no\" data-id=\"34004ae\" data-element_type=\"section\">\n\t\t\t\t\t\t<div class=\"elementor-container elementor-column-gap-default\">\n\t\t\t\t\t<div class=\"elementor-column elementor-col-66 elementor-top-column elementor-element elementor-element-e2e8a96\" data-id=\"e2e8a96\" data-element_type=\"column\">\n\t\t\t<div class=\"elementor-widget-wrap elementor-element-populated\">\n\t\t\t\t\t\t<div class=\"elementor-element elementor-element-3453d32 elementor-widget elementor-widget-image\" data-id=\"3453d32\" data-element_type=\"widget\" data-widget_type=\"image.default\">\n\t\t\t\t<div class=\"elementor-widget-container\">\n\t\t\t<style>\/*! elementor - v3.19.0 - 07-02-2024 *\/\n.elementor-widget-image{text-align:center}.elementor-widget-image a{display:inline-block}.elementor-widget-image a img[src$=\".svg\"]{width:48px}.elementor-widget-image img{vertical-align:middle;display:inline-block}<\/style>\t\t\t\t\t\t\t<figure class=\"wp-caption\">\n\t\t\t\t\t\t\t\t\t\t<img fetchpriority=\"high\" decoding=\"async\" width=\"1024\" height=\"684\" src=\"http:\/\/ameliesamson.com\/wp-content\/uploads\/2022\/06\/eurofabrique.jpg\" class=\"attachment-large size-large wp-image-327\" alt=\"Eurofabrique impression 3D c\u00e9ramique\" \/>\t\t\t\t\t\t\t\t\t\t\t<figcaption class=\"widget-image-caption wp-caption-text\">@ Ronan Coquil<\/figcaption>\n\t\t\t\t\t\t\t\t\t\t<\/figure>\n\t\t\t\t\t\t\t<\/div>\n\t\t\t\t<\/div>\n\t\t\t\t\t<\/div>\n\t\t<\/div>\n\t\t\t\t<div class=\"elementor-column elementor-col-33 elementor-top-column elementor-element elementor-element-e277ce6\" data-id=\"e277ce6\" data-element_type=\"column\">\n\t\t\t<div class=\"elementor-widget-wrap elementor-element-populated\">\n\t\t\t\t\t\t<div class=\"elementor-element elementor-element-994d2dc elementor-widget elementor-widget-heading\" data-id=\"994d2dc\" data-element_type=\"widget\" data-widget_type=\"heading.default\">\n\t\t\t\t<div class=\"elementor-widget-container\">\n\t\t\t<style>\/*! elementor - v3.19.0 - 07-02-2024 *\/\n.elementor-heading-title{padding:0;margin:0;line-height:1}.elementor-widget-heading .elementor-heading-title[class*=elementor-size-]>a{color:inherit;font-size:inherit;line-height:inherit}.elementor-widget-heading .elementor-heading-title.elementor-size-small{font-size:15px}.elementor-widget-heading .elementor-heading-title.elementor-size-medium{font-size:19px}.elementor-widget-heading .elementor-heading-title.elementor-size-large{font-size:29px}.elementor-widget-heading .elementor-heading-title.elementor-size-xl{font-size:39px}.elementor-widget-heading .elementor-heading-title.elementor-size-xxl{font-size:59px}<\/style><h5 class=\"elementor-heading-title elementor-size-medium\">Europa 2022 - Eurofabrique<\/h5>\t\t<\/div>\n\t\t\t\t<\/div>\n\t\t\t\t<div class=\"elementor-element elementor-element-417701e elementor-widget__width-initial elementor-widget elementor-widget-text-editor\" data-id=\"417701e\" data-element_type=\"widget\" data-widget_type=\"text-editor.default\">\n\t\t\t\t<div class=\"elementor-widget-container\">\n\t\t\t<style>\/*! elementor - v3.19.0 - 07-02-2024 *\/\n.elementor-widget-text-editor.elementor-drop-cap-view-stacked .elementor-drop-cap{background-color:#69727d;color:#fff}.elementor-widget-text-editor.elementor-drop-cap-view-framed .elementor-drop-cap{color:#69727d;border:3px solid;background-color:transparent}.elementor-widget-text-editor:not(.elementor-drop-cap-view-default) .elementor-drop-cap{margin-top:8px}.elementor-widget-text-editor:not(.elementor-drop-cap-view-default) .elementor-drop-cap-letter{width:1em;height:1em}.elementor-widget-text-editor .elementor-drop-cap{float:left;text-align:center;line-height:1;font-size:50px}.elementor-widget-text-editor .elementor-drop-cap-letter{display:inline-block}<\/style>\t\t\t\t<p>Titre : Europa 2022<br \/>Ann\u00e9e : 2021-2022<\/p><p>Expos\u00e9 \u00e0 :<\/p><p><strong>\u25ba\u00a0<a href=\"https:\/\/www.gaite-lyrique.net\/evenement\/eurofabrique\">Eu.topia, <\/a><\/strong>fev. 2024, Ga\u00eet\u00e9 Lyrique, Paris<\/p><p>\u25ba\u00a0<strong>Jean Bardin aujourd\u2019hui. ESAD Orl\u00e9ans : l\u2019h\u00e9ritage. Computation, C\u00e9ramique, Dessin<\/strong>, avril 2023, Mus\u00e9e des Beaux-Arts d\u2019Orl\u00e9ans<\/p><p><strong><a href=\"https:\/\/antrepeaux.net\/en\/5053-2\/#:~:text=L'exposition%20%C2%AB%20TITRE%20%3F%20(,es%20%C3%A0%20l'%C3%89SAD%20Orl%C3%A9ans.&amp;text=Ils%20r%C3%A9pondent%20aux%20sujets%20actuels,%2C%20%C3%A9conomique%2C%20politique%20et%20priv%C3%A9e.\">\u25ba Titre ?<\/a>,\u00a0<\/strong>mai. 2022, Centre d\u2019art Transpalette (Bourges)<\/p><p><strong><a href=\"https:\/\/esadorleans.fr\/usb-1-europa2022\/\">\u25ba U.S.B. #1<\/a> \u00b7 Europa 2022<\/strong>, sept. &#8211; oct. 2022, Galerie de l&#8217;ESAD Orl\u00e9ans<\/p><p><a href=\"https:\/\/www.grandpalais.fr\/fr\/evenement\/eurofabrique\">\u25ba <strong>Eurofabrique<\/strong><\/a>, fev. 2022 Grand Palais \u00c9ph\u00e9m\u00e8re (Paris)<\/p>\t\t\t\t\t\t<\/div>\n\t\t\t\t<\/div>\n\t\t\t\t\t<\/div>\n\t\t<\/div>\n\t\t\t\t\t<\/div>\n\t\t<\/section>\n\t\t\t\t<section class=\"elementor-section elementor-top-section elementor-element elementor-element-9c35de7 elementor-section-boxed elementor-section-height-default elementor-section-height-default qodef-elementor-content-no\" data-id=\"9c35de7\" data-element_type=\"section\">\n\t\t\t\t\t\t<div class=\"elementor-container elementor-column-gap-default\">\n\t\t\t\t\t<div class=\"elementor-column elementor-col-100 elementor-top-column elementor-element elementor-element-7d3cac2\" data-id=\"7d3cac2\" data-element_type=\"column\">\n\t\t\t<div class=\"elementor-widget-wrap elementor-element-populated\">\n\t\t\t\t\t\t<div class=\"elementor-element elementor-element-f37d62b elementor-widget elementor-widget-text-editor\" data-id=\"f37d62b\" data-element_type=\"widget\" data-widget_type=\"text-editor.default\">\n\t\t\t\t<div class=\"elementor-widget-container\">\n\t\t\t\t\t\t\t<p>Port\u00e9 par le programme de recherche en Art et Design <a href=\"http:\/\/occ.esadorleans.fr\/\" target=\"_blank\" rel=\"noreferrer noopener\">\u201cObjects, Crafts and Computation\u201d<\/a>\u00a0en dialogue avec la facult\u00e9 de c\u00e9ramique et de verre de la Eugeniusz Geppert Academy of Art and Design in Wroc\u0142aw, le projet Europa 2022 est un dispositif participatif et g\u00e9n\u00e9ratif dessin\u00e9 \u00e0 partir d\u2019une carte linguistique du continent qui int\u00e8gre une collection de sculptures g\u00e9n\u00e9r\u00e9es gr\u00e2ce \u00e0 un processus de physicalisation de donn\u00e9es sonores issues d\u2019enregistrements d\u2019un texte du philosophe tch\u00e8que Jan Pato\u010dka lu dans diff\u00e9rentes langues europ\u00e9ennes :<\/p><p><em>\u00ab C\u2019est un m\u00eame h\u00e9ritage qui se maintient \u00e0 travers les catastrophes, et c\u2019est pourquoi il me semble qu\u2019on peut se hasarder \u00e0 affirmer que l\u2019Europe \u2013 l\u2019Europe occidentale surtout, mais aussi celle qu\u2019on appelle \u00ab l\u2019autre Europe \u00bb \u2014 est issue du soin de l\u2019\u00e2me. \u03a4\u03b7\u03c2 \u03c8\u03c5\u03c7\u03ae\u03c2 \u03b5\u03c0\u03b9\u03bc\u03b5\u03bb\u03b5\u03af\u03c3\u03b8\u03b1\u03b9, voil\u00e0 le germe dont est n\u00e9 ce qu\u2019a \u00e9t\u00e9 l\u2019Europe. \u00bb<\/em><\/p><p>Jan Pato\u010dka, Platon et l&#8217;Europe, s\u00e9minaire de 1973, trad. E. Verdier, 1983, p.99<\/p><p><strong>Plus d&#8217;information <a href=\"http:\/\/occ.esadorleans.fr\/europa-2022\/\">\u25baIci<\/a><\/strong><\/p><p>Tags :<a href=\"http:\/\/ameliesamson.com\/index.php\/numerique\/\">\u00a0#Num\u00e9rique<\/a>\u00a0\u00a0<a href=\"http:\/\/ameliesamson.com\/index.php\/algorithme\/\">#Algorithme<\/a>\u00a0<a href=\"http:\/\/ameliesamson.com\/index.php\/data\/\">#Data<\/a>\u00a0<a href=\"http:\/\/ameliesamson.com\/index.php\/impression3d\/\">#Impression3D<\/a><\/p>\t\t\t\t\t\t<\/div>\n\t\t\t\t<\/div>\n\t\t\t\t\t<\/div>\n\t\t<\/div>\n\t\t\t\t\t<\/div>\n\t\t<\/section>\n\t\t\t\t<section class=\"elementor-section elementor-top-section elementor-element elementor-element-1d7b9a3 elementor-section-boxed elementor-section-height-default elementor-section-height-default qodef-elementor-content-no\" data-id=\"1d7b9a3\" data-element_type=\"section\">\n\t\t\t\t\t\t<div class=\"elementor-container elementor-column-gap-default\">\n\t\t\t\t\t<div class=\"elementor-column elementor-col-100 elementor-top-column elementor-element elementor-element-4e3cba4\" data-id=\"4e3cba4\" data-element_type=\"column\">\n\t\t\t<div class=\"elementor-widget-wrap elementor-element-populated\">\n\t\t\t\t\t\t<div class=\"elementor-element elementor-element-1e0567b elementor-widget elementor-widget-image\" data-id=\"1e0567b\" data-element_type=\"widget\" data-widget_type=\"image.default\">\n\t\t\t\t<div class=\"elementor-widget-container\">\n\t\t\t\t\t\t\t\t\t\t<figure class=\"wp-caption\">\n\t\t\t\t\t\t\t\t\t\t<img decoding=\"async\" width=\"1024\" height=\"1024\" src=\"http:\/\/ameliesamson.com\/wp-content\/uploads\/2026\/04\/@evavedel-2400x2400-1.jpg\" class=\"attachment-large size-large wp-image-2168\" alt=\"\" \/>\t\t\t\t\t\t\t\t\t\t\t<figcaption class=\"widget-image-caption wp-caption-text\">@ Eva Vedel<\/figcaption>\n\t\t\t\t\t\t\t\t\t\t<\/figure>\n\t\t\t\t\t\t\t<\/div>\n\t\t\t\t<\/div>\n\t\t\t\t\t<\/div>\n\t\t<\/div>\n\t\t\t\t\t<\/div>\n\t\t<\/section>\n\t\t\t\t<section class=\"elementor-section elementor-top-section elementor-element elementor-element-117da12 elementor-section-boxed elementor-section-height-default elementor-section-height-default qodef-elementor-content-no\" data-id=\"117da12\" data-element_type=\"section\">\n\t\t\t\t\t\t<div class=\"elementor-container elementor-column-gap-default\">\n\t\t\t\t\t<div class=\"elementor-column elementor-col-50 elementor-top-column elementor-element elementor-element-e22a613\" data-id=\"e22a613\" data-element_type=\"column\">\n\t\t\t<div class=\"elementor-widget-wrap elementor-element-populated\">\n\t\t\t\t\t\t<div class=\"elementor-element elementor-element-437e929 elementor-widget elementor-widget-image\" data-id=\"437e929\" data-element_type=\"widget\" data-widget_type=\"image.default\">\n\t\t\t\t<div class=\"elementor-widget-container\">\n\t\t\t\t\t\t\t\t\t\t<figure class=\"wp-caption\">\n\t\t\t\t\t\t\t\t\t\t<img decoding=\"async\" width=\"1024\" height=\"1024\" src=\"http:\/\/ameliesamson.com\/wp-content\/uploads\/2024\/07\/IMG_20240210_172657-sqr.jpg\" class=\"attachment-large size-large wp-image-1694\" alt=\"\" \/>\t\t\t\t\t\t\t\t\t\t\t<figcaption class=\"widget-image-caption wp-caption-text\">Ga\u00eet\u00e9 lyrique, fev. 2024 @ ESAD Orl\u00e9ans<\/figcaption>\n\t\t\t\t\t\t\t\t\t\t<\/figure>\n\t\t\t\t\t\t\t<\/div>\n\t\t\t\t<\/div>\n\t\t\t\t\t<\/div>\n\t\t<\/div>\n\t\t\t\t<div class=\"elementor-column elementor-col-50 elementor-top-column elementor-element elementor-element-bc30e66\" data-id=\"bc30e66\" data-element_type=\"column\">\n\t\t\t<div class=\"elementor-widget-wrap elementor-element-populated\">\n\t\t\t\t\t\t<div class=\"elementor-element elementor-element-af6671b elementor-widget elementor-widget-image\" data-id=\"af6671b\" data-element_type=\"widget\" data-widget_type=\"image.default\">\n\t\t\t\t<div class=\"elementor-widget-container\">\n\t\t\t\t\t\t\t\t\t\t<figure class=\"wp-caption\">\n\t\t\t\t\t\t\t\t\t\t<img loading=\"lazy\" decoding=\"async\" width=\"1024\" height=\"1024\" src=\"http:\/\/ameliesamson.com\/wp-content\/uploads\/2024\/07\/DSC0043-2048x2048-1.jpg\" class=\"attachment-large size-large wp-image-1695\" alt=\"\" \/>\t\t\t\t\t\t\t\t\t\t\t<figcaption class=\"widget-image-caption wp-caption-text\">Transpalette, mai 2022 @ ESAD Orl\u00e9ans<\/figcaption>\n\t\t\t\t\t\t\t\t\t\t<\/figure>\n\t\t\t\t\t\t\t<\/div>\n\t\t\t\t<\/div>\n\t\t\t\t\t<\/div>\n\t\t<\/div>\n\t\t\t\t\t<\/div>\n\t\t<\/section>\n\t\t\t\t<section class=\"elementor-section elementor-top-section elementor-element elementor-element-54ca45d elementor-section-boxed elementor-section-height-default elementor-section-height-default qodef-elementor-content-no\" data-id=\"54ca45d\" data-element_type=\"section\">\n\t\t\t\t\t\t<div class=\"elementor-container elementor-column-gap-default\">\n\t\t\t\t\t<div class=\"elementor-column elementor-col-50 elementor-top-column elementor-element elementor-element-67773a3\" data-id=\"67773a3\" data-element_type=\"column\">\n\t\t\t<div class=\"elementor-widget-wrap elementor-element-populated\">\n\t\t\t\t\t\t<div class=\"elementor-element elementor-element-e4cf17f elementor-widget elementor-widget-image\" data-id=\"e4cf17f\" data-element_type=\"widget\" data-widget_type=\"image.default\">\n\t\t\t\t<div class=\"elementor-widget-container\">\n\t\t\t\t\t\t\t\t\t\t<figure class=\"wp-caption\">\n\t\t\t\t\t\t\t\t\t\t<img loading=\"lazy\" decoding=\"async\" width=\"1024\" height=\"1024\" src=\"http:\/\/ameliesamson.com\/wp-content\/uploads\/2022\/07\/eurofabrique2.jpg\" class=\"attachment-large size-large wp-image-541\" alt=\"Eurofabrique \/ OCC \/ installation\" \/>\t\t\t\t\t\t\t\t\t\t\t<figcaption class=\"widget-image-caption wp-caption-text\">Grand Palais \u00e9ph\u00e9m\u00e8re @ ESAD Orl\u00e9ans<\/figcaption>\n\t\t\t\t\t\t\t\t\t\t<\/figure>\n\t\t\t\t\t\t\t<\/div>\n\t\t\t\t<\/div>\n\t\t\t\t\t<\/div>\n\t\t<\/div>\n\t\t\t\t<div class=\"elementor-column elementor-col-50 elementor-top-column elementor-element elementor-element-95bf813\" data-id=\"95bf813\" data-element_type=\"column\">\n\t\t\t<div class=\"elementor-widget-wrap elementor-element-populated\">\n\t\t\t\t\t\t<div class=\"elementor-element elementor-element-caef303 elementor-widget elementor-widget-image\" data-id=\"caef303\" data-element_type=\"widget\" data-widget_type=\"image.default\">\n\t\t\t\t<div class=\"elementor-widget-container\">\n\t\t\t\t\t\t\t\t\t\t\t\t\t<img loading=\"lazy\" decoding=\"async\" width=\"1024\" height=\"1024\" src=\"http:\/\/ameliesamson.com\/wp-content\/uploads\/2022\/07\/EuroFabrique_Esad_Orleans_Polonais-1024x1024-1.jpeg\" class=\"attachment-large size-large wp-image-542\" alt=\"Eurofabrique \/ Gcode \/ Impression 3D c\u00e9ramique \/ Data\" \/>\t\t\t\t\t\t\t\t\t\t\t\t\t<\/div>\n\t\t\t\t<\/div>\n\t\t\t\t\t<\/div>\n\t\t<\/div>\n\t\t\t\t\t<\/div>\n\t\t<\/section>\n\t\t\t\t<\/div>\n\t\t","protected":false},"excerpt":{"rendered":"<p>@ Ronan Coquil Europa 2022 &#8211; Eurofabrique Titre : Europa 2022Ann\u00e9e : 2021-2022 Expos\u00e9 \u00e0 : \u25ba\u00a0Eu.topia, fev. 2024, Ga\u00eet\u00e9 Lyrique, Paris \u25ba\u00a0Jean Bardin aujourd\u2019hui. ESAD Orl\u00e9ans : l\u2019h\u00e9ritage. Computation, C\u00e9ramique, Dessin, avril 2023, Mus\u00e9e des Beaux-Arts d\u2019Orl\u00e9ans \u25ba Titre ?,\u00a0mai. 2022, Centre d\u2019art Transpalette (Bourges) \u25ba U.S.B. #1 \u00b7 Europa 2022, sept. &#8211; oct. [&hellip;]<\/p>\n","protected":false},"author":1,"featured_media":0,"parent":0,"menu_order":0,"comment_status":"closed","ping_status":"closed","template":"","meta":{"footnotes":""},"class_list":["post-535","page","type-page","status-publish","hentry"],"yoast_head":"<!-- This site is optimized with the Yoast SEO plugin v26.8 - https:\/\/yoast.com\/product\/yoast-seo-wordpress\/ -->\n<title>Europa 2022 - Amelie Samson<\/title>\n<meta name=\"description\" content=\"Eurofabrique - Grand palais \u00e9ph\u00e9m\u00e8re Paris - Impression 3D c\u00e9ramique - Objects, Crafts and Computation - Jan Patocka - Dispositif participatif\" \/>\n<meta name=\"robots\" content=\"index, follow, max-snippet:-1, max-image-preview:large, max-video-preview:-1\" \/>\n<link rel=\"canonical\" href=\"http:\/\/ameliesamson.com\/index.php\/europa-2022-eurofabrique\/\" \/>\n<meta property=\"og:locale\" content=\"fr_FR\" \/>\n<meta property=\"og:type\" content=\"article\" \/>\n<meta property=\"og:title\" content=\"Europa 2022 - Amelie Samson\" \/>\n<meta property=\"og:description\" content=\"Eurofabrique - Grand palais \u00e9ph\u00e9m\u00e8re Paris - Impression 3D c\u00e9ramique - Objects, Crafts and Computation - Jan Patocka - Dispositif participatif\" \/>\n<meta property=\"og:url\" content=\"http:\/\/ameliesamson.com\/index.php\/europa-2022-eurofabrique\/\" \/>\n<meta property=\"og:site_name\" content=\"Amelie Samson\" \/>\n<meta property=\"article:modified_time\" content=\"2026-04-09T14:48:44+00:00\" \/>\n<meta property=\"og:image\" content=\"http:\/\/ameliesamson.com\/wp-content\/uploads\/2022\/06\/eurofabrique.jpg\" \/>\n\t<meta property=\"og:image:width\" content=\"2016\" \/>\n\t<meta property=\"og:image:height\" content=\"1346\" \/>\n\t<meta property=\"og:image:type\" content=\"image\/jpeg\" \/>\n<meta name=\"twitter:card\" content=\"summary_large_image\" \/>\n<meta name=\"twitter:site\" content=\"@AmlieSamson\" \/>\n<meta name=\"twitter:label1\" content=\"Dur\u00e9e de lecture estim\u00e9e\" \/>\n\t<meta name=\"twitter:data1\" content=\"3 minutes\" \/>\n<script type=\"application\/ld+json\" class=\"yoast-schema-graph\">{\"@context\":\"https:\/\/schema.org\",\"@graph\":[{\"@type\":\"WebPage\",\"@id\":\"http:\/\/ameliesamson.com\/index.php\/europa-2022-eurofabrique\/\",\"url\":\"http:\/\/ameliesamson.com\/index.php\/europa-2022-eurofabrique\/\",\"name\":\"Europa 2022 - Amelie Samson\",\"isPartOf\":{\"@id\":\"http:\/\/ameliesamson.com\/#website\"},\"primaryImageOfPage\":{\"@id\":\"http:\/\/ameliesamson.com\/index.php\/europa-2022-eurofabrique\/#primaryimage\"},\"image\":{\"@id\":\"http:\/\/ameliesamson.com\/index.php\/europa-2022-eurofabrique\/#primaryimage\"},\"thumbnailUrl\":\"http:\/\/ameliesamson.com\/wp-content\/uploads\/2022\/06\/eurofabrique.jpg\",\"datePublished\":\"2022-07-04T09:48:37+00:00\",\"dateModified\":\"2026-04-09T14:48:44+00:00\",\"description\":\"Eurofabrique - Grand palais \u00e9ph\u00e9m\u00e8re Paris - Impression 3D c\u00e9ramique - Objects, Crafts and Computation - Jan Patocka - Dispositif participatif\",\"breadcrumb\":{\"@id\":\"http:\/\/ameliesamson.com\/index.php\/europa-2022-eurofabrique\/#breadcrumb\"},\"inLanguage\":\"fr-FR\",\"potentialAction\":[{\"@type\":\"ReadAction\",\"target\":[\"http:\/\/ameliesamson.com\/index.php\/europa-2022-eurofabrique\/\"]}]},{\"@type\":\"ImageObject\",\"inLanguage\":\"fr-FR\",\"@id\":\"http:\/\/ameliesamson.com\/index.php\/europa-2022-eurofabrique\/#primaryimage\",\"url\":\"http:\/\/ameliesamson.com\/wp-content\/uploads\/2022\/06\/eurofabrique.jpg\",\"contentUrl\":\"http:\/\/ameliesamson.com\/wp-content\/uploads\/2022\/06\/eurofabrique.jpg\",\"width\":2016,\"height\":1346,\"caption\":\"Impression 3D c\u00e9ramique \/ Eurofabrique \/ Terre \/ Grand Palais \u00e9ph\u00e9m\u00e8re \/ Data\"},{\"@type\":\"BreadcrumbList\",\"@id\":\"http:\/\/ameliesamson.com\/index.php\/europa-2022-eurofabrique\/#breadcrumb\",\"itemListElement\":[{\"@type\":\"ListItem\",\"position\":1,\"name\":\"Accueil\",\"item\":\"http:\/\/ameliesamson.com\/\"},{\"@type\":\"ListItem\",\"position\":2,\"name\":\"Europa 2022\"}]},{\"@type\":\"WebSite\",\"@id\":\"http:\/\/ameliesamson.com\/#website\",\"url\":\"http:\/\/ameliesamson.com\/\",\"name\":\"Amelie Samson\",\"description\":\"\",\"publisher\":{\"@id\":\"http:\/\/ameliesamson.com\/#\/schema\/person\/894f5f1404401bc140412a7266c729ef\"},\"potentialAction\":[{\"@type\":\"SearchAction\",\"target\":{\"@type\":\"EntryPoint\",\"urlTemplate\":\"http:\/\/ameliesamson.com\/?s={search_term_string}\"},\"query-input\":{\"@type\":\"PropertyValueSpecification\",\"valueRequired\":true,\"valueName\":\"search_term_string\"}}],\"inLanguage\":\"fr-FR\"},{\"@type\":[\"Person\",\"Organization\"],\"@id\":\"http:\/\/ameliesamson.com\/#\/schema\/person\/894f5f1404401bc140412a7266c729ef\",\"name\":\"Amelie\",\"image\":{\"@type\":\"ImageObject\",\"inLanguage\":\"fr-FR\",\"@id\":\"http:\/\/ameliesamson.com\/#\/schema\/person\/image\/\",\"url\":\"http:\/\/ameliesamson.com\/wp-content\/uploads\/2024\/09\/LOGO-2024-BQ.jpg\",\"contentUrl\":\"http:\/\/ameliesamson.com\/wp-content\/uploads\/2024\/09\/LOGO-2024-BQ.jpg\",\"width\":1080,\"height\":1080,\"caption\":\"Amelie\"},\"logo\":{\"@id\":\"http:\/\/ameliesamson.com\/#\/schema\/person\/image\/\"},\"sameAs\":[\"http:\/\/ameliesamson.com\/\",\"https:\/\/www.instagram.com\/am.sam_design\/\",\"https:\/\/fr.linkedin.com\/in\/amlie-samson-a4b9ba166\",\"https:\/\/x.com\/https:\/\/twitter.com\/AmlieSamson\"]}]}<\/script>\n<!-- \/ Yoast SEO plugin. -->","yoast_head_json":{"title":"Europa 2022 - Amelie Samson","description":"Eurofabrique - Grand palais \u00e9ph\u00e9m\u00e8re Paris - Impression 3D c\u00e9ramique - Objects, Crafts and Computation - Jan Patocka - Dispositif participatif","robots":{"index":"index","follow":"follow","max-snippet":"max-snippet:-1","max-image-preview":"max-image-preview:large","max-video-preview":"max-video-preview:-1"},"canonical":"http:\/\/ameliesamson.com\/index.php\/europa-2022-eurofabrique\/","og_locale":"fr_FR","og_type":"article","og_title":"Europa 2022 - Amelie Samson","og_description":"Eurofabrique - Grand palais \u00e9ph\u00e9m\u00e8re Paris - Impression 3D c\u00e9ramique - Objects, Crafts and Computation - Jan Patocka - Dispositif participatif","og_url":"http:\/\/ameliesamson.com\/index.php\/europa-2022-eurofabrique\/","og_site_name":"Amelie Samson","article_modified_time":"2026-04-09T14:48:44+00:00","og_image":[{"width":2016,"height":1346,"url":"http:\/\/ameliesamson.com\/wp-content\/uploads\/2022\/06\/eurofabrique.jpg","type":"image\/jpeg"}],"twitter_card":"summary_large_image","twitter_site":"@AmlieSamson","twitter_misc":{"Dur\u00e9e de lecture estim\u00e9e":"3 minutes"},"schema":{"@context":"https:\/\/schema.org","@graph":[{"@type":"WebPage","@id":"http:\/\/ameliesamson.com\/index.php\/europa-2022-eurofabrique\/","url":"http:\/\/ameliesamson.com\/index.php\/europa-2022-eurofabrique\/","name":"Europa 2022 - Amelie Samson","isPartOf":{"@id":"http:\/\/ameliesamson.com\/#website"},"primaryImageOfPage":{"@id":"http:\/\/ameliesamson.com\/index.php\/europa-2022-eurofabrique\/#primaryimage"},"image":{"@id":"http:\/\/ameliesamson.com\/index.php\/europa-2022-eurofabrique\/#primaryimage"},"thumbnailUrl":"http:\/\/ameliesamson.com\/wp-content\/uploads\/2022\/06\/eurofabrique.jpg","datePublished":"2022-07-04T09:48:37+00:00","dateModified":"2026-04-09T14:48:44+00:00","description":"Eurofabrique - Grand palais \u00e9ph\u00e9m\u00e8re Paris - Impression 3D c\u00e9ramique - Objects, Crafts and Computation - Jan Patocka - Dispositif participatif","breadcrumb":{"@id":"http:\/\/ameliesamson.com\/index.php\/europa-2022-eurofabrique\/#breadcrumb"},"inLanguage":"fr-FR","potentialAction":[{"@type":"ReadAction","target":["http:\/\/ameliesamson.com\/index.php\/europa-2022-eurofabrique\/"]}]},{"@type":"ImageObject","inLanguage":"fr-FR","@id":"http:\/\/ameliesamson.com\/index.php\/europa-2022-eurofabrique\/#primaryimage","url":"http:\/\/ameliesamson.com\/wp-content\/uploads\/2022\/06\/eurofabrique.jpg","contentUrl":"http:\/\/ameliesamson.com\/wp-content\/uploads\/2022\/06\/eurofabrique.jpg","width":2016,"height":1346,"caption":"Impression 3D c\u00e9ramique \/ Eurofabrique \/ Terre \/ Grand Palais \u00e9ph\u00e9m\u00e8re \/ Data"},{"@type":"BreadcrumbList","@id":"http:\/\/ameliesamson.com\/index.php\/europa-2022-eurofabrique\/#breadcrumb","itemListElement":[{"@type":"ListItem","position":1,"name":"Accueil","item":"http:\/\/ameliesamson.com\/"},{"@type":"ListItem","position":2,"name":"Europa 2022"}]},{"@type":"WebSite","@id":"http:\/\/ameliesamson.com\/#website","url":"http:\/\/ameliesamson.com\/","name":"Amelie Samson","description":"","publisher":{"@id":"http:\/\/ameliesamson.com\/#\/schema\/person\/894f5f1404401bc140412a7266c729ef"},"potentialAction":[{"@type":"SearchAction","target":{"@type":"EntryPoint","urlTemplate":"http:\/\/ameliesamson.com\/?s={search_term_string}"},"query-input":{"@type":"PropertyValueSpecification","valueRequired":true,"valueName":"search_term_string"}}],"inLanguage":"fr-FR"},{"@type":["Person","Organization"],"@id":"http:\/\/ameliesamson.com\/#\/schema\/person\/894f5f1404401bc140412a7266c729ef","name":"Amelie","image":{"@type":"ImageObject","inLanguage":"fr-FR","@id":"http:\/\/ameliesamson.com\/#\/schema\/person\/image\/","url":"http:\/\/ameliesamson.com\/wp-content\/uploads\/2024\/09\/LOGO-2024-BQ.jpg","contentUrl":"http:\/\/ameliesamson.com\/wp-content\/uploads\/2024\/09\/LOGO-2024-BQ.jpg","width":1080,"height":1080,"caption":"Amelie"},"logo":{"@id":"http:\/\/ameliesamson.com\/#\/schema\/person\/image\/"},"sameAs":["http:\/\/ameliesamson.com\/","https:\/\/www.instagram.com\/am.sam_design\/","https:\/\/fr.linkedin.com\/in\/amlie-samson-a4b9ba166","https:\/\/x.com\/https:\/\/twitter.com\/AmlieSamson"]}]}},"_links":{"self":[{"href":"http:\/\/ameliesamson.com\/index.php\/wp-json\/wp\/v2\/pages\/535","targetHints":{"allow":["GET"]}}],"collection":[{"href":"http:\/\/ameliesamson.com\/index.php\/wp-json\/wp\/v2\/pages"}],"about":[{"href":"http:\/\/ameliesamson.com\/index.php\/wp-json\/wp\/v2\/types\/page"}],"author":[{"embeddable":true,"href":"http:\/\/ameliesamson.com\/index.php\/wp-json\/wp\/v2\/users\/1"}],"replies":[{"embeddable":true,"href":"http:\/\/ameliesamson.com\/index.php\/wp-json\/wp\/v2\/comments?post=535"}],"version-history":[{"count":61,"href":"http:\/\/ameliesamson.com\/index.php\/wp-json\/wp\/v2\/pages\/535\/revisions"}],"predecessor-version":[{"id":2171,"href":"http:\/\/ameliesamson.com\/index.php\/wp-json\/wp\/v2\/pages\/535\/revisions\/2171"}],"wp:attachment":[{"href":"http:\/\/ameliesamson.com\/index.php\/wp-json\/wp\/v2\/media?parent=535"}],"curies":[{"name":"wp","href":"https:\/\/api.w.org\/{rel}","templated":true}]}}